{"id":2335,"date":"2025-01-06T15:25:52","date_gmt":"2025-01-06T14:25:52","guid":{"rendered":"https:\/\/jeliebt.de\/fragen-antworten\/duenyada-neden-bu-kadar-cok-aci-var\/"},"modified":"2025-01-22T21:54:52","modified_gmt":"2025-01-22T20:54:52","slug":"duenyada-neden-bu-kadar-cok-aci-var","status":"publish","type":"fragen-antworten","link":"https:\/\/jeliebt.de\/tr\/fragen-antworten\/duenyada-neden-bu-kadar-cok-aci-var\/","title":{"rendered":"D\u00fcnyada neden bu kadar \u00e7ok ac\u0131 var?"},"content":{"rendered":"\n<p>Sev\u00adgi\u00adli Hans, pek \u00e7ok insan ken\u00addi\u00adne bu soruyu soruyor \u2014 \u00f6ze\u00adl\u00adlik\u00adle de Tan\u00adr\u0131\u2019n\u0131n var\u00adl\u0131\u011f\u0131n\u00addan endi\u015fe duy\u00adan\u00adlar. Temel soru gen\u00adel\u00adlik\u00adle bun\u00adun arkas\u0131n\u00adda yatar: D\u00fcn\u00adya\u00adda bu kadar ac\u0131 var\u00adken, bir Tan\u00adr\u0131 ola\u00adbi\u00adlir mi? Bu temel soru hakl\u0131 bir soru\u00addur ve buna her \u015feyi kap\u00adsay\u00adan bir yan\u0131\u00adt\u0131m\u0131z oldu\u011funu iddia etme\u00admiz k\u00fcst\u00adahl\u0131k olur. Yine de bu konu \u00fczerinde biraz d\u00fc\u015f\u00fcnd\u00fck ve hat\u00adta kon\u00aduy\u00adla ilgi\u00adli bir video yay\u0131n\u00adla\u00add\u0131k: <a href=\"https:\/\/gott-suchen.com\/warum-laesst-gott-soviel-leid-zu\/\" target=\"_blank\" rel=\"noreferrer noopener\">www.gott-suchen.com\/warum-laesst-gott-soviel-leid-zu\/ <\/a>   <\/p>\n\n<p>Ba\u015f\u00adka soru\u00adlar\u0131n\u0131z var\u00adsa, bun\u00adlar\u0131 yan\u0131t\u00adlam\u00adak\u00adtan memn\u00aduni\u00ady\u00adet duyar\u0131z.<\/p>\n","protected":false},"featured_media":0,"template":"","class_list":["post-2335","fragen-antworten","type-fragen-antworten","status-publish","hentry"],"acf":[],"_links":{"self":[{"href":"https:\/\/jeliebt.de\/tr\/wp-json\/wp\/v2\/fragen-antworten\/2335","targetHints":{"allow":["GET"]}}],"collection":[{"href":"https:\/\/jeliebt.de\/tr\/wp-json\/wp\/v2\/fragen-antworten"}],"about":[{"href":"https:\/\/jeliebt.de\/tr\/wp-json\/wp\/v2\/types\/fragen-antworten"}],"wp:attachment":[{"href":"https:\/\/jeliebt.de\/tr\/wp-json\/wp\/v2\/media?parent=2335"}],"curies":[{"name":"wp","href":"https:\/\/api.w.org\/{rel}","templated":true}]}}