{"id":5245,"date":"2025-01-06T15:12:28","date_gmt":"2025-01-06T14:12:28","guid":{"rendered":"https:\/\/jeliebt.de\/fragen-antworten\/jaki-jest-sens-zycia\/"},"modified":"2026-04-15T12:17:22","modified_gmt":"2026-04-15T10:17:22","slug":"jaki-jest-sens-zycia","status":"publish","type":"fragen-antworten","link":"https:\/\/jeliebt.de\/pl\/fragen-antworten\/jaki-jest-sens-zycia\/","title":{"rendered":"Jaki jest sens \u017cycia?"},"content":{"rendered":"\n<p>Dro\u00adgi Han\u00adsie,<\/p>\n\n<p>Dzi\u0119\u00adku\u00adj\u0119 za fun\u00adda\u00admen\u00adtal\u00adne pyta\u00adnie, kt\u00f3\u00adre praw\u00addo\u00adpo\u00add\u00adob\u00adnie wszyscy lud\u00adzie zada\u00adj\u0105 sobie w pewnym momen\u00adcie. A powo\u00addem tego, moim zda\u00adniem, jest to, \u017ce to pyta\u00adnie jest w nas g\u0142\u0119\u00adbo\u00adko zakor\u00adzen\u00adio\u00adne. Zada\u00adje\u00admy sobie pyta\u00adnie o sens \u017cycia, ponie\u00adwa\u017c mamy nie\u00adspe\u0142\u00adnio\u00adne potrze\u00adby. Pr\u00f3\u00adbu\u00adje\u00admy zas\u00adpo\u00adkoi\u0107 te potrze\u00adby r\u00f3\u017cny\u00admi rzecz\u00ada\u00admi w \u017cyciu \u2014 w nad\u00adzi\u00adei, \u017ce w ko\u0144\u00adcu b\u0119d\u00adzie\u00admy w pe\u0142\u00adni szc\u00adz\u0119\u015b\u00adli\u00adwi, gdy osi\u0105\u00adgnie\u00admy ten czy inny cel lub w ko\u0144\u00adcu b\u0119d\u00adzie\u00admy mog\u00adli poz\u00adwo\u00adli\u0107 sobie na zak\u00adup, na kt\u00f3ry oszc\u00adz\u0119d\u00adza\u00adli\u015b\u00admy. Jed\u00adnak gdy \u017cyc\u00adze\u00adnie zosta\u00adnie spe\u0142\u00adnio\u00adne, do\u015b\u00adwiad\u00adc\u00adze\u00adnie poka\u00adzu\u00adje, \u017ce nie\u00adspe\u0142\u00adnio\u00adna t\u0119s\u00adkno\u00adta pozosta\u00adje i d\u0105\u017ce\u00adnie do spe\u0142\u00adni\u00adenia trwa nadal.    <\/p>\n\n<p>I wyo\u00adbra\u017a sobie: Teraz poja\u00adwia si\u0119 kto\u015b, kto twierd\u00adzi: \u201cChc\u0119 zas\u00adpo\u00adkoi\u0107 tw\u00f3j g\u0142\u00f3d \u017cycia\u201d. Czy chcia\u0142\u00adby\u015b dowied\u00adzie\u0107 si\u0119 o nim cze\u00adgo\u015b wi\u0119cej? Czy chcia\u0142\u00adby\u015b spr\u00f3\u00adbo\u00adwa\u0107? Mo\u017cesz, ponie\u00adwa\u017c tym, kt\u00f3ry tak twierd\u00adzi, jest Jezus i przedsta\u00adwia si\u0119 w Biblii. Chce spot\u00adka\u0107 si\u0119 z tob\u0105 oso\u00adbi\u015bcie, da\u0107 ci spe\u0142\u00adni\u00ade\u00adnie w \u017cyciu i wie\u00adle wi\u0119cej: chce przy\u00adwr\u00f3ci\u0107 two\u00adj\u0105 zer\u00adwan\u0105 relac\u00adj\u0119 z Bogiem, udziel\u00adi\u0107 ci prze\u00adbac\u00adze\u00adnia i da\u0107 ci \u017cycie wiecz\u00adne z Bogiem. Mo\u017ce to zro\u00adbi\u0107, ponie\u00adwa\u017c kie\u00addy przy\u00adsze\u00add\u0142 na zie\u00admi\u0119, umar\u0142 na krzy\u017cu za nas\u00adze grzechy i udo\u00adwod\u00adni\u0142 poprzez swo\u00adje zmart\u00adwychwsta\u00adnie, \u017ce poko\u00adn\u00ada\u0142 \u015bmier\u0107. Wi\u0119cej infor\u00admac\u00adji mo\u017c\u00adna zna\u00adle\u017a\u0107 <a href=\"https:\/\/gott-suchen.com\/ein-leben-mit-gott-beginnen\/\" target=\"_blank\" rel=\"noreferrer noopener\">tutaj<\/a>.      <\/p>\n\n<p>Za pyta\u00adniem o sens \u017cycia cz\u0119s\u00adto kry\u00adje si\u0119 znacz\u00adnie bard\u00adziej fun\u00adda\u00admen\u00adtal\u00adne pyta\u00adnie o sens, a mia\u00adno\u00adwi\u00adcie pyta\u00adnie, czy w \u017cyciu jest co\u015b wi\u0119cej ni\u017c \u017cycie przez kil\u00adka lat na zie\u00admi, a nas\u00adt\u0119p\u00adnie koniecz\u00adno\u015b\u0107 ponow\u00adn\u00adego por\u00adzu\u00adcen\u00adia tego wszyst\u00adkie\u00adgo. Ale je\u015b\u00adli napraw\u00add\u0119 jest co\u015b wi\u0119cej \u2014 czy mo\u017ce\u00admy zna\u00adle\u017a\u0107 ten sens w \u017cyciu? \u201cB\u00f3g umie\u015bci\u0142 wiecz\u00adno\u015b\u0107 w nas\u00adzych ser\u00adcach\u201d to bibli\u00adj\u00adne wyja\u015b\u00adni\u00ade\u00adnie tej kwestii (Biblia, Kaz\u00adnod\u00adzi\u00adei 3 wer\u00adset 11). Inny\u00admi s\u0142o\u00adwy: Jes\u00adte\u015b\u00admy stwor\u00adze\u00adni do cze\u00adgo\u015b wi\u0119cej ni\u017c tyl\u00adko prze\u017cy\u00adcia kil\u00adku lat na zie\u00admi. Tak napraw\u00add\u0119 jes\u00adte\u015b\u00admy stwor\u00adze\u00adni dla wiecz\u00adno\u015bci. To cz\u0119s\u00adto nieu\u015b\u00adwia\u00addo\u00admio\u00adne uczu\u00adcie pro\u00adwad\u00adzi nas do fun\u00adda\u00admen\u00adtal\u00adn\u00adego pyta\u00adnia o sens \u017cycia. Ale je\u015b\u00adli Biblia ma co\u015b do powied\u00adze\u00adnia na temat tego zasad\u00adnic\u00adze\u00adgo pyta\u00adnia, to dost\u00adar\u00adc\u00adza r\u00f3w\u00adnie\u017c odpo\u00adwied\u00adzi, w jaki spos\u00f3b mo\u017ce\u00admy ponow\u00adnie po\u0142\u0105c\u00adzy\u0107 si\u0119 z Bogiem, kt\u00f3ry przedsta\u00adwia si\u0119 w Biblii jako \u201c\u017ar\u00f3\u00add\u0142o \u017cycia\u201d. Dost\u00adar\u00adc\u00adza te\u017c odpo\u00adwied\u00adzi na pyta\u00adnie, jak mo\u017ce\u00admy przy\u00adgo\u00adto\u00adwa\u0107 si\u0119 na wiecz\u00adno\u015b\u0107. Zach\u0119\u00adcam wi\u0119c po pro\u00ads\u00adtu do samod\u00adziel\u00adn\u00adego zapozna\u00adnia si\u0119 z Bibli\u0105.        <\/p>\n\n<p>Je\u015b\u00adli chcesz przec\u00adzy\u00adta\u0107 Bibli\u0119, mo\u017cesz zam\u00f3\u00adwi\u0107 bez\u00adp\u0142at\u00adny Nowy Tes\u00adta\u00adment (dru\u00adg\u0105 cz\u0119\u015b\u0107 Biblii) <a href=\"https:\/\/shop.heukelbach.org\/shop\/jugend\/o-ton-neues-testament\/o-ton-gott-spricht-heute\/\" target=\"_blank\" rel=\"noreferrer noopener\">tutaj<\/a> lub mo\u017cesz czy\u00adta\u0107 Bibli\u0119 <a href=\"https:\/\/www.bibleserver.com\/start\" target=\"_blank\" rel=\"noreferrer noopener\">online<\/a> lub za po\u015b\u00adred\u00adnict\u00adwem bez\u00adp\u0142at\u00adnej <a href=\"https:\/\/www.bible.com\/de\/app\" target=\"_blank\" rel=\"noreferrer noopener\">apli\u00adka\u00adc\u00adji.<\/a> Ch\u0119t\u00adnie odpo\u00adwie\u00admy r\u00f3w\u00adnie\u017c na wszel\u00adkie inne pyta\u00adnia.<\/p>\n","protected":false},"featured_media":0,"template":"","class_list":["post-5245","fragen-antworten","type-fragen-antworten","status-publish","hentry"],"acf":[],"_links":{"self":[{"href":"https:\/\/jeliebt.de\/pl\/wp-json\/wp\/v2\/fragen-antworten\/5245","targetHints":{"allow":["GET"]}}],"collection":[{"href":"https:\/\/jeliebt.de\/pl\/wp-json\/wp\/v2\/fragen-antworten"}],"about":[{"href":"https:\/\/jeliebt.de\/pl\/wp-json\/wp\/v2\/types\/fragen-antworten"}],"wp:attachment":[{"href":"https:\/\/jeliebt.de\/pl\/wp-json\/wp\/v2\/media?parent=5245"}],"curies":[{"name":"wp","href":"https:\/\/api.w.org\/{rel}","templated":true}]}}