{"id":5244,"date":"2025-01-06T15:25:52","date_gmt":"2025-01-06T14:25:52","guid":{"rendered":"https:\/\/jeliebt.de\/fragen-antworten\/dlaczego-na-swiecie-jest-tyle-cierpienia\/"},"modified":"2026-04-15T12:17:22","modified_gmt":"2026-04-15T10:17:22","slug":"dlaczego-na-swiecie-jest-tyle-cierpienia","status":"publish","type":"fragen-antworten","link":"https:\/\/jeliebt.de\/pl\/fragen-antworten\/dlaczego-na-swiecie-jest-tyle-cierpienia\/","title":{"rendered":"Dlaczego na \u015bwiecie jest tyle cierpienia?"},"content":{"rendered":"\n<p>Dro\u00adgi Han\u00adsie, wie\u00adlu lud\u00adzi zada\u00adje sobie to pyta\u00adnie \u2014 zw\u0142aszc\u00adza ci, kt\u00f3r\u00adzy s\u0105 zanie\u00adpo\u00adko\u00adje\u00adni ist\u00adni\u00ade\u00adniem Boga. Cz\u0119s\u00adto kry\u00adje si\u0119 za tym pod\u00adsta\u00adwo\u00adwe pyta\u00adnie: Czy przy takiej ilo\u015bci cier\u00adpi\u00ade\u00adnia na \u015bwie\u00adcie B\u00f3g mo\u017ce w og\u00f3\u00adle ist\u00adnie\u0107? To pod\u00adsta\u00adwo\u00adwe pyta\u00adnie jest uza\u00adsad\u00adnio\u00adne i by\u0142o\u00adby aro\u00adgan\u00adc\u00adj\u0105 z nas\u00adzej stro\u00adny twierd\u00adzi\u0107, \u017ce zna\u00admy na nie wyc\u00adzer\u00adpu\u00adj\u0105c\u0105 odpo\u00adwie\u00add\u017a. Niem\u00adniej jed\u00adnak zast\u00ada\u00adnowi\u00adli\u015b\u00admy si\u0119 ju\u017c nad tym i opu\u00adbli\u00adko\u00adwa\u00adli\u015b\u00admy nawet film na ten temat: <a href=\"https:\/\/gott-suchen.com\/warum-laesst-gott-soviel-leid-zu\/\" target=\"_blank\" rel=\"noreferrer noopener\">www.gott-suchen.com\/warum-laesst-gott-soviel-leid-zu\/<\/a>   <\/p>\n\n<p>Je\u015b\u00adli masz dodat\u00adko\u00adwe pyta\u00adnia, ch\u0119t\u00adnie na nie odpo\u00adwie\u00admy.<\/p>\n","protected":false},"featured_media":0,"template":"","class_list":["post-5244","fragen-antworten","type-fragen-antworten","status-publish","hentry"],"acf":[],"_links":{"self":[{"href":"https:\/\/jeliebt.de\/pl\/wp-json\/wp\/v2\/fragen-antworten\/5244","targetHints":{"allow":["GET"]}}],"collection":[{"href":"https:\/\/jeliebt.de\/pl\/wp-json\/wp\/v2\/fragen-antworten"}],"about":[{"href":"https:\/\/jeliebt.de\/pl\/wp-json\/wp\/v2\/types\/fragen-antworten"}],"wp:attachment":[{"href":"https:\/\/jeliebt.de\/pl\/wp-json\/wp\/v2\/media?parent=5244"}],"curies":[{"name":"wp","href":"https:\/\/api.w.org\/{rel}","templated":true}]}}