{"id":3661,"date":"2025-01-08T09:34:40","date_gmt":"2025-01-08T08:34:40","guid":{"rendered":"https:\/\/jeliebt.de\/otisk\/"},"modified":"2025-11-26T11:39:56","modified_gmt":"2025-11-26T10:39:56","slug":"otisk","status":"publish","type":"page","link":"https:\/\/jeliebt.de\/cs\/otisk\/","title":{"rendered":"Otisk"},"content":{"rendered":"\t\t<div data-elementor-type=\"wp-page\" data-elementor-id=\"3661\" class=\"elementor elementor-3661 elementor-1621\" data-elementor-post-type=\"page\">\n\t\t\t\t<div class=\"elementor-element elementor-element-0d50561 e-flex e-con-boxed e-con e-parent\" data-id=\"0d50561\" data-element_type=\"container\" data-e-type=\"container\" data-settings=\"{&quot;background_background&quot;:&quot;classic&quot;}\">\n\t\t\t\t\t<div class=\"e-con-inner\">\n\t\t<div class=\"elementor-element elementor-element-3c8b469 e-con-full e-flex e-con e-child\" data-id=\"3c8b469\" data-element_type=\"container\" data-e-type=\"container\">\n\t\t\t\t<div class=\"elementor-element elementor-element-eb21984 elementor-widget elementor-widget-heading\" data-id=\"eb21984\" data-element_type=\"widget\" data-e-type=\"widget\" data-widget_type=\"heading.default\">\n\t\t\t\t<div class=\"elementor-widget-container\">\n\t\t\t\t\t<p class=\"elementor-heading-title elementor-size-default\">Na\u0161e<\/p>\t\t\t\t<\/div>\n\t\t\t\t<\/div>\n\t\t\t\t<div class=\"elementor-element elementor-element-7b35817 elementor-widget elementor-widget-heading\" data-id=\"7b35817\" data-element_type=\"widget\" data-e-type=\"widget\" data-widget_type=\"heading.default\">\n\t\t\t\t<div class=\"elementor-widget-container\">\n\t\t\t\t\t<h1 class=\"elementor-heading-title elementor-size-default\">Otisk<\/h1>\t\t\t\t<\/div>\n\t\t\t\t<\/div>\n\t\t\t\t<\/div>\n\t\t<div class=\"elementor-element elementor-element-4fcafbc e-con-full e-flex e-con e-child\" data-id=\"4fcafbc\" data-element_type=\"container\" data-e-type=\"container\">\n\t\t\t\t<div class=\"elementor-element elementor-element-e5429b1 elementor-widget__width-initial elementor-widget elementor-widget-text-editor\" data-id=\"e5429b1\" data-element_type=\"widget\" data-e-type=\"widget\" data-widget_type=\"text-editor.default\">\n\t\t\t\t<div class=\"elementor-widget-container\">\n\t\t\t\t\t\t\t\t\t<h2>Provozovatel webov\u00fdch str\u00e1nek<\/h2><p>Glau\u00adben\u00adtei\u00adlen e.V.<br>Sch\u00f6\u00adna\u00adgel\u00adstra\u00ad\u00dfe 14<br>12685 Ber\u00adlin<\/p><h2>Kontaktn\u00ed osoba<br>&amp; zodpov\u011bdnost za obsah<\/h2><p>Jona\u00adthan Borau<em>(spr\u00e1v\u00adn\u00ed rada)<\/em><\/p><h2>Kontaktujte n\u00e1s<\/h2><p><strong>Tele\u00adfon:<\/strong> +49 176 96237767<br><strong>Fax:<\/strong> +49 30 22185619<br><strong>E\u2011mail:<\/strong> kontakt@glauben-teilen.com<\/p><h2>Vstup do rejst\u0159\u00edku<\/h2><p>Z\u00e1pis v rejs\u00adt\u0159\u00ed\u00adku spol\u00adk\u016f<br>Rejs\u00adt\u0159\u00ed\u00adko\u00adv\u00fd soud: M\u00edst\u00adn\u00ed soud Char\u00adlot\u00adten\u00adburg<br>Rejs\u00adt\u0159\u00ed\u00adko\u00adv\u00e9 \u010d\u00eds\u00adlo: VR 39302<\/p><h2>\u0158e\u0161en\u00ed spor\u016f<\/h2><p>Evrops\u00adk\u00e1 komi\u00adse pos\u00adky\u00adtu\u00adje plat\u00adfor\u00admu pro online \u0159e\u0161en\u00ed spor\u016f (OS):<\/p><p>https:\/\/ec.europa.eu\/consumers\/odr<\/p><p>Na\u0161i e\u2011mailovou adre\u00adsu naj\u00adde\u00adte v\u00fd\u0161e v pr\u00e1v\u00adn\u00edm upo\u00adzorn\u011bn\u00ed.<br>Nejs\u00adme ochot\u00adni ani povin\u00adni \u00fa\u010dast\u00adnit se \u0159\u00edzen\u00ed o \u0159e\u0161en\u00ed spor\u016f p\u0159ed roz\u00adho\u00add\u010d\u00ed komi\u00ads\u00ed pro roz\u00adho\u00addo\u00adv\u00e1\u00adn\u00ed spo\u00adt\u0159e\u00adbi\u00adtel\u016f.<\/p><h2>Odpov\u011bdnost za obsah<\/h2><p>Jako pos\u00adky\u00adto\u00adva\u00adtel slu\u017eeb jsme v sou\u00adla\u00addu s \u00a7 7 odst. 1 TMG <span class=\"caps\">(n\u011bme\u00adck\u00fd z\u00e1kon o tele\u00adm\u00e9\u00addi\u00edch<\/span> ) a obe\u00adcn\u00fd\u00admi pr\u00e1v\u00adn\u00ed\u00admi p\u0159ed\u00adpi\u00adsy odpo\u00adv\u011bd\u00adn\u00ed za vlast\u00adn\u00ed obs\u00adah t\u011bch\u00adto str\u00e1\u00adnek. Pod\u00adle \u00a7\u00a7 8 a\u017e 10 <span class=\"caps\">TMG<\/span> v\u0161ak nejs\u00adme jako pos\u00adky\u00adto\u00adva\u00adtel slu\u017eeb povin\u00adni sle\u00addo\u00advat p\u0159en\u00e1\u00ad\u0161e\u00adn\u00e9 nebo ukl\u00e1\u00adda\u00adn\u00e9 infor\u00admace t\u0159e\u00adt\u00edch stran ani vy\u0161e\u00adt\u0159o\u00advat okol\u00adnos\u00adti, kte\u00adr\u00e9 nas\u00adv\u011b\u00add\u010du\u00adj\u00ed nez\u00e1\u00adkon\u00adn\u00e9 \u010din\u00adnos\u00adti.<br>povin\u00adnos\u00adti odstra\u00adnit nebo zab\u00adlo\u00adko\u00advat pou\u017e\u00ed\u00adv\u00e1\u00adn\u00ed infor\u00admac\u00ed v sou\u00adla\u00addu s obe\u00adcn\u00fd\u00admi pr\u00e1v\u00adn\u00ed\u00admi p\u0159ed\u00adpi\u00adsy t\u00edm nej\u00adsou dot\u010de\u00adny. Odpo\u00adv\u011bd\u00adnost v tom\u00adto ohle\u00addu je v\u0161ak mo\u017en\u00e1 a\u017e od okam\u017ei\u00adku, kdy se o kon\u00adkr\u00e9t\u00adn\u00edm poru\u0161en\u00ed doz\u00adv\u00ed\u00adme. Jak\u00admi\u00adle se o tako\u00adv\u00e9m poru\u0161en\u00ed doz\u00adv\u00ed\u00adme, okam\u017ei\u00adt\u011b ten\u00adto obs\u00adah odstran\u00ed\u00adme.   <\/p><h2>Odpov\u011bdnost za odkazy<\/h2><p>Na\u0161e webo\u00adv\u00e9 str\u00e1n\u00adky obs\u00ada\u00adhu\u00adj\u00ed odka\u00adzy na extern\u00ed webo\u00adv\u00e9 str\u00e1n\u00adky t\u0159e\u00adt\u00edch stran, na jejich\u017e obs\u00adah nem\u00e1\u00adme \u017e\u00e1d\u00adn\u00fd vliv. Pro\u00adto nem\u016f\u017ee\u00adme p\u0159ev\u00adz\u00edt \u017e\u00e1d\u00adnou odpo\u00adv\u011bd\u00adnost za ten\u00adto obs\u00adah t\u0159e\u00adt\u00edch stran. Za obs\u00adah odka\u00adzo\u00advan\u00fdch str\u00e1\u00adnek je v\u017edy odpo\u00adv\u011bd\u00adn\u00fd p\u0159\u00eds\u00adlu\u0161n\u00fd pos\u00adky\u00adto\u00adva\u00adtel nebo pro\u00advo\u00adzo\u00adva\u00adtel str\u00e1\u00adnek. Odka\u00adzo\u00adva\u00adn\u00e9 str\u00e1n\u00adky byly v dob\u011b odka\u00adzo\u00adv\u00e1\u00adn\u00ed zkon\u00adtro\u00adlo\u00adv\u00e1\u00adny z hle\u00addis\u00adka mo\u017e\u00adn\u00e9\u00adho poru\u0161en\u00ed pr\u00e1v\u00adn\u00edch p\u0159ed\u00adpis\u016f. Nez\u00e1\u00adkon\u00adn\u00fd obs\u00adah nebyl v dob\u011b odka\u00adzo\u00adv\u00e1\u00adn\u00ed roz\u00adpoz\u00adn\u00e1n. Trval\u00e1 kon\u00adtro\u00adla obs\u00ada\u00adhu odka\u00adzo\u00advan\u00fdch str\u00e1\u00adnek v\u0161ak nen\u00ed bez kon\u00adkr\u00e9t\u00adn\u00edch d\u016fka\u00adz\u016f o pro\u00adti\u00adpr\u00e1v\u00adn\u00edm jed\u00adn\u00e1\u00adn\u00ed \u00fa\u010deln\u00e1. Pokud se doz\u00adv\u00ed\u00adme o jak\u00e9mko\u00adli poru\u0161en\u00ed pr\u00e1v\u00adn\u00edch p\u0159ed\u00adpis\u016f, okam\u017ei\u00adt\u011b tako\u00adv\u00e9 odka\u00adzy odstran\u00ed\u00adme.      <\/p><h2>Autorsk\u00e1 pr\u00e1va<\/h2><p>Obs\u00adah a d\u00edla vyt\u00advo\u0159en\u00e1 pro\u00advo\u00adzo\u00adv\u00adate\u00adli str\u00e1\u00adnek na t\u011bch\u00adto str\u00e1n\u00adk\u00e1ch pod\u00adl\u00e9\u00adha\u00adj\u00ed n\u011bme\u00adck\u00e9\u00admu autor\u00adsk\u00e9\u00admu pr\u00e1\u00advu. Kop\u00ed\u00adro\u00adv\u00e1\u00adn\u00ed, zpra\u00adco\u00adv\u00e1\u00adn\u00ed, \u0161\u00ed\u0159en\u00ed a jak\u00fd\u00adko\u00adli zp\u016f\u00ads\u00adob vyu\u017ei\u00adt\u00ed nad r\u00e1mec autor\u00adsk\u00e9\u00adho pr\u00e1\u00adva vy\u017ea\u00addu\u00adje p\u00edsem\u00adn\u00fd souh\u00adlas p\u0159\u00eds\u00adlu\u0161\u00adn\u00e9\u00adho auto\u00adra nebo tv\u016fr\u00adce. Staho\u00adv\u00e1\u00adn\u00ed a kop\u00ed\u00adro\u00adv\u00e1\u00adn\u00ed t\u011bch\u00adto str\u00e1\u00adnek je povo\u00adle\u00adno pou\u00adze pro sou\u00adkro\u00adm\u00e9, nekom\u00ader\u010dn\u00ed pou\u017ei\u00adt\u00ed. Pokud obs\u00adah t\u011bch\u00adto str\u00e1\u00adnek nebyl vyt\u00advo\u0159en pro\u00advo\u00adzo\u00adva\u00adte\u00adlem, jsou autor\u00adsk\u00e1 pr\u00e1\u00adva t\u0159e\u00adt\u00edch stran respek\u00adto\u00adv\u00e1\u00adna. Zej\u00adm\u00e9\u00adna obs\u00adah t\u0159e\u00adt\u00edch stran je takto ozna\u010den. Pokud se p\u0159es\u00adto doz\u00adv\u00ed\u00adte o poru\u0161en\u00ed autor\u00adsk\u00fdch pr\u00e1v, infor\u00admuj\u00adte n\u00e1s o tom. Pokud se o poru\u0161en\u00ed autor\u00adsk\u00fdch pr\u00e1v doz\u00adv\u00ed\u00adme, neprod\u00adlen\u011b tako\u00adv\u00fd obs\u00adah odstran\u00ed\u00adme.      <\/p><h2>Z\u00e1sady ochrany osobn\u00edch \u00fadaj\u016f<\/h2><p>Na\u0161e z\u00e1sa\u00addy ochra\u00adny osob\u00adn\u00edch \u00fada\u00adj\u016f naj\u00adde\u00adte <a href=\"https:\/\/jeliebt.de\/datenschutz\/\">zde.<\/a><\/p>\t\t\t\t\t\t\t\t<\/div>\n\t\t\t\t<\/div>\n\t\t\t\t<\/div>\n\t\t\t\t\t<\/div>\n\t\t\t\t<\/div>\n\t\t\t\t<\/div>\n\t\t","protected":false},"excerpt":{"rendered":"<p>Na\u0161e Otisk Pro\u00advo\u00adzo\u00adva\u00adtel webo\u00adv\u00fdch str\u00e1\u00adnek Glau\u00adben\u00adtei\u00adlen e.V.Sch\u00f6\u00adna\u00adgel\u00adstra\u00ad\u00dfe 1412685 Ber\u00adlin Kon\u00adtakt\u00adn\u00ed osoba&amp; zod\u00adpo\u00adv\u011bd\u00adnost za obs\u00adah Jona\u00adthan Borau(spr\u00e1v\u00adn\u00ed rada) Kon\u00adtak\u00adtuj\u00adte n\u00e1s Tele\u00adfon: +49 176 96237767Fax: +49 30 22185619E\u2011mail: kontakt@glauben-teilen.com Vst\u00adup do rejs\u00adt\u0159\u00ed\u00adku Z\u00e1pis v rejs\u00adt\u0159\u00ed\u00adku spol\u00adk\u016fRejs\u00adt\u0159\u00ed\u00adko\u00adv\u00fd soud: M\u00edst\u00adn\u00ed soud Char\u00adlot\u00adten\u00adburgRejs\u00adt\u0159\u00ed\u00adko\u00adv\u00e9 \u010d\u00eds\u00adlo: VR 39302 \u0158e\u0161en\u00ed spor\u016f Evrops\u00adk\u00e1 komi\u00adse pos\u00adky\u00adtu\u00adje plat\u00adfor\u00admu pro online \u0159e\u0161en\u00ed spor\u016f (OS): https:\/\/ec.europa.eu\/consumers\/odr Na\u0161i e\u2011mailovou [\u2026]<\/p>\n","protected":false},"author":1,"featured_media":0,"parent":0,"menu_order":0,"comment_status":"closed","ping_status":"closed","template":"","meta":{"_acf_changed":false,"wp_typography_post_enhancements_disabled":false,"footnotes":""},"class_list":["post-3661","page","type-page","status-publish","hentry"],"acf":[],"_links":{"self":[{"href":"https:\/\/jeliebt.de\/cs\/wp-json\/wp\/v2\/pages\/3661","targetHints":{"allow":["GET"]}}],"collection":[{"href":"https:\/\/jeliebt.de\/cs\/wp-json\/wp\/v2\/pages"}],"about":[{"href":"https:\/\/jeliebt.de\/cs\/wp-json\/wp\/v2\/types\/page"}],"author":[{"embeddable":true,"href":"https:\/\/jeliebt.de\/cs\/wp-json\/wp\/v2\/users\/1"}],"replies":[{"embeddable":true,"href":"https:\/\/jeliebt.de\/cs\/wp-json\/wp\/v2\/comments?post=3661"}],"version-history":[{"count":1,"href":"https:\/\/jeliebt.de\/cs\/wp-json\/wp\/v2\/pages\/3661\/revisions"}],"predecessor-version":[{"id":3665,"href":"https:\/\/jeliebt.de\/cs\/wp-json\/wp\/v2\/pages\/3661\/revisions\/3665"}],"wp:attachment":[{"href":"https:\/\/jeliebt.de\/cs\/wp-json\/wp\/v2\/media?parent=3661"}],"curies":[{"name":"wp","href":"https:\/\/api.w.org\/{rel}","templated":true}]}}